{"id":3,"date":"2024-08-06T15:25:56","date_gmt":"2024-08-06T15:25:56","guid":{"rendered":"http:\/\/fannywerther.de\/?page_id=3"},"modified":"2025-04-17T09:46:38","modified_gmt":"2025-04-17T09:46:38","slug":"privacy-policy","status":"publish","type":"page","link":"https:\/\/fannywerther.de\/?page_id=3","title":{"rendered":"Datenschutz"},"content":{"rendered":"\t\t<div data-elementor-type=\"wp-page\" data-elementor-id=\"3\" class=\"elementor elementor-3\">\n\t\t\t\t<div class=\"elementor-element elementor-element-48b3d2d6 e-flex e-con-boxed wpr-particle-no wpr-jarallax-no wpr-parallax-no wpr-sticky-section-no wpr-equal-height-no e-con e-parent\" data-id=\"48b3d2d6\" data-element_type=\"container\" data-e-type=\"container\">\n\t\t\t\t\t<div class=\"e-con-inner\">\n\t\t\t\t<div class=\"elementor-element elementor-element-dcbcc3e elementor-widget elementor-widget-text-editor\" data-id=\"dcbcc3e\" data-element_type=\"widget\" data-e-type=\"widget\" data-widget_type=\"text-editor.default\">\n\t\t\t\t<div class=\"elementor-widget-container\">\n\t\t\t\t\t\t\t\t\t<p><\/p>\n<h2 class=\"wp-block-heading\"><strong>Datenschutzerkl\u00e4rung<\/strong><\/h2>\n<p><\/p>\n<p><\/p>\n<p>Wir freuen uns sehr \u00fcber Ihr Interesse an unserer Website [<strong>fannyerther.de<\/strong>]. Der Schutz Ihrer pers\u00f6nlichen Daten hat f\u00fcr uns einen besonders hohen Stellenwert. Im Folgenden m\u00f6chten wir Sie dar\u00fcber informieren, welche personenbezogenen Daten wir erheben, wie wir diese verwenden und welche Rechte Sie in Bezug auf Ihre Daten haben. Wir behandeln Ihre personenbezogenen Daten vertraulich und entsprechend der gesetzlichen Datenschutzvorschriften sowie dieser Datenschutzerkl\u00e4rung.<\/p>\n<p><\/p>\n<p><\/p>\n<hr class=\"wp-block-separator has-alpha-channel-opacity\" \/>\n<p><\/p>\n<p><\/p>\n<h2 class=\"wp-block-heading\"><strong>1. Verantwortlicher<\/strong><\/h2>\n<p><\/p>\n<p><\/p>\n<p>Verantwortlich f\u00fcr die Verarbeitung Ihrer personenbezogenen Daten auf dieser Website ist:<\/p>\n<p><\/p>\n<p><\/p>\n<p><strong>Fanny Fee Werther<\/strong><\/p>\n<p><\/p>\n<p><\/p>\n<p>Kontakt &amp; Postfach:<\/p>\n<p><\/p>\n<p><\/p>\n<p>Basec GmbH, Weinstr 5, 67146 Deidesheim<\/p>\n<p>Kontakt@basec.de<\/p>\n<p><\/p>\n<p><\/p>\n<hr class=\"wp-block-separator has-alpha-channel-opacity\" \/>\n<p><\/p>\n<p><\/p>\n<h2 class=\"wp-block-heading\"><strong>2. Erfassung und Speicherung personenbezogener Daten sowie Art und Zweck von deren Verwendung<\/strong><\/h2>\n<p><\/p>\n<p><\/p>\n<h3 class=\"wp-block-heading\"><strong>2.1 Server-Logfiles<\/strong><\/h3>\n<p><\/p>\n<p><\/p>\n<p>Bei jedem Aufruf unserer Website erfasst unser Hosting-Provider automatisch Informationen, die Ihr Browser \u00fcbermittelt. Diese k\u00f6nnen beinhalten:<\/p>\n<p><\/p>\n<p><\/p>\n<ul class=\"wp-block-list\">\n<li style=\"list-style-type: none;\">\n<ul class=\"wp-block-list\"><\/ul>\n<\/li>\n<\/ul>\n<p>\u00a0<\/p>\n<ul class=\"wp-block-list\">\n<li style=\"list-style-type: none;\">\n<ul class=\"wp-block-list\">\n<li>IP-Adresse des anfragenden Rechners<\/li>\n<\/ul>\n<\/li>\n<\/ul>\n<p><\/p>\n<p><\/p>\n<ul class=\"wp-block-list\">\n<li style=\"list-style-type: none;\">\n<ul class=\"wp-block-list\">\n<li>Datum und Uhrzeit des Zugriffs<\/li>\n<\/ul>\n<\/li>\n<\/ul>\n<p><\/p>\n<p><\/p>\n<ul class=\"wp-block-list\">\n<li style=\"list-style-type: none;\">\n<ul class=\"wp-block-list\">\n<li>Name und URL der abgerufenen Datei<\/li>\n<\/ul>\n<\/li>\n<\/ul>\n<p><\/p>\n<p><\/p>\n<ul class=\"wp-block-list\">\n<li style=\"list-style-type: none;\">\n<ul class=\"wp-block-list\">\n<li>Website, von der aus der Zugriff erfolgt (Referrer-URL)<\/li>\n<\/ul>\n<\/li>\n<\/ul>\n<p><\/p>\n<p><\/p>\n<ul class=\"wp-block-list\">\n<li style=\"list-style-type: none;\">\n<ul class=\"wp-block-list\">\n<li>Verwendeter Browser und ggf. das Betriebssystem Ihres Rechners sowie der Name Ihres Access-Providers<\/li>\n<\/ul>\n<\/li>\n<\/ul>\n<p><\/p>\n<p><\/p>\n<p><\/p>\n<p>Die Verarbeitung erfolgt auf Grundlage von Art. 6 Abs. 1 lit. f DSGVO. Unser berechtigtes Interesse ergibt sich aus der Gew\u00e4hrleistung eines reibungslosen Verbindungsaufbaus der Website, einer komfortablen Nutzung sowie zur Auswertung der Systemsicherheit und -stabilit\u00e4t. Eine Zusammenf\u00fchrung dieser Daten mit anderen Datenquellen wird nicht vorgenommen.<\/p>\n<p><\/p>\n<p><\/p>\n<h3 class=\"wp-block-heading\"><strong>2.2 Kontaktaufnahme<\/strong><\/h3>\n<p><\/p>\n<p><\/p>\n<p>Wenn Sie uns per E-Mail oder \u00fcber ein Kontaktformular kontaktieren, werden die von Ihnen \u00fcbermittelten personenbezogenen Daten automatisch gespeichert, um Ihre Anfrage zu bearbeiten und m\u00f6gliche Anschlussfragen zu stellen. Diese Daten geben wir nicht ohne Ihre Einwilligung weiter. Die Verarbeitung dieser Daten erfolgt auf Grundlage von Art. 6 Abs. 1 lit. b DSGVO, sofern sie zur Erf\u00fcllung eines Vertrags oder zur Durchf\u00fchrung vorvertraglicher Ma\u00dfnahmen erforderlich ist. In allen \u00fcbrigen F\u00e4llen beruht die Verarbeitung auf Ihrer Einwilligung (Art. 6 Abs. 1 lit. a DSGVO) und\/oder auf unseren berechtigten Interessen (Art. 6 Abs. 1 lit. f DSGVO).<\/p>\n<p><\/p>\n<p><\/p>\n<h3 class=\"wp-block-heading\"><strong>2.3 Cookies<\/strong><\/h3>\n<p><\/p>\n<p><\/p>\n<p>Unsere Website verwendet teilweise sogenannte Cookies. Cookies sind Textdateien, die auf Ihrem Endger\u00e4t gespeichert werden und die eine Analyse der Benutzung der Website durch Sie erm\u00f6glichen bzw. daf\u00fcr sorgen, dass bestimmte Funktionen auf der Website bereitgestellt werden k\u00f6nnen.<\/p>\n<p><\/p>\n<p><\/p>\n<ul class=\"wp-block-list\">\n<li style=\"list-style-type: none;\">\n<ul class=\"wp-block-list\"><\/ul>\n<\/li>\n<\/ul>\n<p>\u00a0<\/p>\n<ul class=\"wp-block-list\">\n<li style=\"list-style-type: none;\">\n<ul class=\"wp-block-list\">\n<li><strong>Session-Cookies<\/strong>: Sie werden nach Ende Ihres Besuchs automatisch gel\u00f6scht.<\/li>\n<\/ul>\n<\/li>\n<\/ul>\n<p><\/p>\n<p><\/p>\n<ul class=\"wp-block-list\">\n<li style=\"list-style-type: none;\">\n<ul class=\"wp-block-list\">\n<li><strong>Permanente Cookies<\/strong>: Sie bleiben auf Ihrem Endger\u00e4t gespeichert, bis Sie diese l\u00f6schen oder diese automatisch entfernt werden.<\/li>\n<\/ul>\n<\/li>\n<\/ul>\n<p><\/p>\n<p><\/p>\n<p><\/p>\n<p>Wenn wir Cookies setzen, die f\u00fcr den Betrieb unserer Website technisch nicht zwingend erforderlich sind, holen wir Ihre vorherige Einwilligung ein (Art. 6 Abs. 1 lit. a DSGVO). Sie k\u00f6nnen Ihre Cookie-Einstellungen in den Einstellungen Ihres Browsers verwalten und auch bereits gespeicherte Cookies l\u00f6schen.<\/p>\n<p><\/p>\n<p><\/p>\n<h3 class=\"wp-block-heading\"><strong>2.4 Analyse-Tools und Plug-ins<\/strong><\/h3>\n<p><\/p>\n<p><\/p>\n<p>Sofern wir Drittanbieter-Tools (z. B. Google Analytics, Matomo, Social-Media-Plug-ins etc.) einsetzen, werden wir Ihre Einwilligung (Art. 6 Abs. 1 lit. a DSGVO) einholen, bevor personenbezogene Daten an diese Anbieter \u00fcbertragen werden. Durch solche Tools kann bspw. Ihr Nutzungsverhalten auf unserer Website analysiert oder Social-Media-Interaktionen durchgef\u00fchrt werden. Weitere Informationen hierzu finden Sie ggf. in den separaten Abschnitten dieser Datenschutzerkl\u00e4rung sowie in den Datenschutzerkl\u00e4rungen der entsprechenden Anbieter.<\/p>\n<p><\/p>\n<p><\/p>\n<hr class=\"wp-block-separator has-alpha-channel-opacity\" \/>\n<p><\/p>\n<p><\/p>\n<h2 class=\"wp-block-heading\"><strong>3. Rechtsgrundlagen der Verarbeitung<\/strong><\/h2>\n<p><\/p>\n<p><\/p>\n<p>Wir verarbeiten personenbezogene Daten ausschlie\u00dflich auf den nachfolgend genannten Rechtsgrundlagen:<\/p>\n<p><\/p>\n<p><\/p>\n<ul class=\"wp-block-list\">\n<li style=\"list-style-type: none;\">\n<ul class=\"wp-block-list\"><\/ul>\n<\/li>\n<\/ul>\n<p>\u00a0<\/p>\n<ul class=\"wp-block-list\">\n<li style=\"list-style-type: none;\">\n<ul class=\"wp-block-list\">\n<li><strong>Art. 6 Abs. 1 lit. a DSGVO<\/strong> (Einwilligung): Wenn Sie uns freiwillig Daten zur Verf\u00fcgung stellen oder wir Sie um Ihre Erlaubnis zur Nutzung bitten.<\/li>\n<\/ul>\n<\/li>\n<\/ul>\n<p><\/p>\n<p><\/p>\n<ul class=\"wp-block-list\">\n<li style=\"list-style-type: none;\">\n<ul class=\"wp-block-list\">\n<li><strong>Art. 6 Abs. 1 lit. b DSGVO<\/strong> (Vertragserf\u00fcllung): Wenn die Verarbeitung Ihrer Daten zur Erf\u00fcllung eines Vertrags mit Ihnen oder zur Durchf\u00fchrung vorvertraglicher Ma\u00dfnahmen notwendig ist.<\/li>\n<\/ul>\n<\/li>\n<\/ul>\n<p><\/p>\n<p><\/p>\n<ul class=\"wp-block-list\">\n<li style=\"list-style-type: none;\">\n<ul class=\"wp-block-list\">\n<li><strong>Art. 6 Abs. 1 lit. c DSGVO<\/strong> (Rechtliche Verpflichtung): Wenn wir gesetzlich zur Verarbeitung verpflichtet sind.<\/li>\n<\/ul>\n<\/li>\n<\/ul>\n<p><\/p>\n<p><\/p>\n<ul class=\"wp-block-list\">\n<li style=\"list-style-type: none;\">\n<ul class=\"wp-block-list\">\n<li><strong>Art. 6 Abs. 1 lit. f DSGVO<\/strong> (Berechtigte Interessen): Wenn wir ein berechtigtes Interesse an der Verarbeitung Ihrer Daten haben und Ihre schutzw\u00fcrdigen Interessen nicht \u00fcberwiegen (z. B. bei der Nutzung von Server-Logfiles).<\/li>\n<\/ul>\n<\/li>\n<\/ul>\n<p><\/p>\n<p><\/p>\n<p><\/p>\n<hr class=\"wp-block-separator has-alpha-channel-opacity\" \/>\n<p><\/p>\n<p><\/p>\n<h2 class=\"wp-block-heading\"><strong>4. Weitergabe von Daten<\/strong><\/h2>\n<p><\/p>\n<p><\/p>\n<p>Eine \u00dcbermittlung Ihrer pers\u00f6nlichen Daten an Dritte findet nur statt, wenn:<\/p>\n<p><\/p>\n<p><\/p>\n<ul class=\"wp-block-list\">\n<li style=\"list-style-type: none;\">\n<ul class=\"wp-block-list\"><\/ul>\n<\/li>\n<\/ul>\n<p>\u00a0<\/p>\n<ul class=\"wp-block-list\">\n<li style=\"list-style-type: none;\">\n<ul class=\"wp-block-list\">\n<li>Sie Ihre ausdr\u00fcckliche Einwilligung dazu erteilt haben (Art. 6 Abs. 1 lit. a DSGVO),<\/li>\n<\/ul>\n<\/li>\n<\/ul>\n<p><\/p>\n<p><\/p>\n<ul class=\"wp-block-list\">\n<li style=\"list-style-type: none;\">\n<ul class=\"wp-block-list\">\n<li>die Verarbeitung zur Erf\u00fcllung eines Vertrags oder zur Durchf\u00fchrung vorvertraglicher Ma\u00dfnahmen erforderlich ist (Art. 6 Abs. 1 lit. b DSGVO),<\/li>\n<\/ul>\n<\/li>\n<\/ul>\n<p><\/p>\n<p><\/p>\n<ul class=\"wp-block-list\">\n<li style=\"list-style-type: none;\">\n<ul class=\"wp-block-list\">\n<li>die Verarbeitung zur Erf\u00fcllung einer rechtlichen Verpflichtung (Art. 6 Abs. 1 lit. c DSGVO) erforderlich ist,<\/li>\n<\/ul>\n<\/li>\n<\/ul>\n<p><\/p>\n<p><\/p>\n<ul class=\"wp-block-list\">\n<li style=\"list-style-type: none;\">\n<ul class=\"wp-block-list\">\n<li>oder auf Grundlage eines berechtigten Interesses (Art. 6 Abs. 1 lit. f DSGVO) und keine \u00fcberwiegenden Interessen Ihrerseits entgegenstehen.<\/li>\n<\/ul>\n<\/li>\n<\/ul>\n<p><\/p>\n<p><\/p>\n<p><\/p>\n<hr class=\"wp-block-separator has-alpha-channel-opacity\" \/>\n<p><\/p>\n<p><\/p>\n<h2 class=\"wp-block-heading\"><strong>5. Dauer der Speicherung<\/strong><\/h2>\n<p><\/p>\n<p><\/p>\n<p>Wir speichern Ihre personenbezogenen Daten nur so lange, wie dies f\u00fcr die Erf\u00fcllung der Zwecke erforderlich ist, zu denen sie erhoben wurden, bzw. solange wir gesetzlich dazu verpflichtet sind (z. B. handels- oder steuerrechtliche Aufbewahrungsfristen). Anschlie\u00dfend werden die Daten gel\u00f6scht oder gesperrt.<\/p>\n<p><\/p>\n<p><\/p>\n<hr class=\"wp-block-separator has-alpha-channel-opacity\" \/>\n<p><\/p>\n<p><\/p>\n<h2 class=\"wp-block-heading\"><strong>6. Datensicherheit<\/strong><\/h2>\n<p><\/p>\n<p><\/p>\n<p>Wir treffen geeignete technische und organisatorische Sicherheitsma\u00dfnahmen, um Ihre Daten gegen zuf\u00e4llige oder vors\u00e4tzliche Manipulationen, teilweisen oder vollst\u00e4ndigen Verlust, Zerst\u00f6rung oder gegen unbefugten Zugriff durch Dritte zu sch\u00fctzen. Unsere Sicherheitsma\u00dfnahmen werden entsprechend der technologischen Entwicklung fortlaufend verbessert.<\/p>\n<p><\/p>\n<p><\/p>\n<hr class=\"wp-block-separator has-alpha-channel-opacity\" \/>\n<p><\/p>\n<p><\/p>\n<h2 class=\"wp-block-heading\"><strong>7. Ihre Rechte<\/strong><\/h2>\n<p><\/p>\n<p><\/p>\n<p>Als betroffene Person haben Sie folgende Rechte hinsichtlich Ihrer personenbezogenen Daten:<\/p>\n<p><\/p>\n<p><\/p>\n<ul class=\"wp-block-list\">\n<li style=\"list-style-type: none;\">\n<ul class=\"wp-block-list\"><\/ul>\n<\/li>\n<\/ul>\n<p>\u00a0<\/p>\n<ul class=\"wp-block-list\">\n<li style=\"list-style-type: none;\">\n<ul class=\"wp-block-list\">\n<li><strong>Auskunft (Art. 15 DSGVO)<\/strong>: Sie k\u00f6nnen Auskunft \u00fcber Ihre von uns verarbeiteten personenbezogenen Daten verlangen.<\/li>\n<\/ul>\n<\/li>\n<\/ul>\n<p><\/p>\n<p><\/p>\n<ul class=\"wp-block-list\">\n<li style=\"list-style-type: none;\">\n<ul class=\"wp-block-list\">\n<li><strong>Berichtigung (Art. 16 DSGVO)<\/strong>: Sie haben das Recht, die Berichtigung unrichtiger oder Vervollst\u00e4ndigung unvollst\u00e4ndiger Daten zu verlangen.<\/li>\n<\/ul>\n<\/li>\n<\/ul>\n<p><\/p>\n<p><\/p>\n<ul class=\"wp-block-list\">\n<li style=\"list-style-type: none;\">\n<ul class=\"wp-block-list\">\n<li><strong>L\u00f6schung (Art. 17 DSGVO)<\/strong>: Sie k\u00f6nnen die L\u00f6schung Ihrer bei uns gespeicherten personenbezogenen Daten verlangen, soweit keine gesetzlichen Aufbewahrungsfristen dem entgegenstehen.<\/li>\n<\/ul>\n<\/li>\n<\/ul>\n<p><\/p>\n<p><\/p>\n<ul class=\"wp-block-list\">\n<li style=\"list-style-type: none;\">\n<ul class=\"wp-block-list\">\n<li><strong>Einschr\u00e4nkung (Art. 18 DSGVO)<\/strong>: Sie haben das Recht, die Einschr\u00e4nkung der Verarbeitung Ihrer Daten zu verlangen.<\/li>\n<\/ul>\n<\/li>\n<\/ul>\n<p><\/p>\n<p><\/p>\n<ul class=\"wp-block-list\">\n<li style=\"list-style-type: none;\">\n<ul class=\"wp-block-list\">\n<li><strong>Daten\u00fcbertragbarkeit (Art. 20 DSGVO)<\/strong>: Sie haben das Recht, Ihre personenbezogenen Daten in einem g\u00e4ngigen, strukturierten und maschinenlesbaren Format zu erhalten oder die \u00dcbermittlung an einen anderen Verantwortlichen zu verlangen.<\/li>\n<\/ul>\n<\/li>\n<\/ul>\n<p><\/p>\n<p><\/p>\n<ul class=\"wp-block-list\">\n<li style=\"list-style-type: none;\">\n<ul class=\"wp-block-list\">\n<li><strong>Widerspruch (Art. 21 DSGVO)<\/strong>: Sie haben das Recht, aus Gr\u00fcnden, die sich aus Ihrer besonderen Situation ergeben, gegen die Verarbeitung Ihrer Daten Widerspruch einzulegen.<\/li>\n<\/ul>\n<\/li>\n<\/ul>\n<p><\/p>\n<p><\/p>\n<p><\/p>\n<p>Zur Aus\u00fcbung dieser Rechte k\u00f6nnen Sie sich jederzeit an uns wenden (Kontaktdaten siehe oben).<\/p>\n<p><\/p>\n<p><\/p>\n<hr class=\"wp-block-separator has-alpha-channel-opacity\" \/>\n<p><\/p>\n<p><\/p>\n<h2 class=\"wp-block-heading\"><strong>8. Widerrufsrecht bei Einwilligungen<\/strong><\/h2>\n<p><\/p>\n<p><\/p>\n<p>Einige Datenverarbeitungen sind nur mit Ihrer ausdr\u00fccklichen Einwilligung m\u00f6glich. Sie haben das Recht, eine bereits erteilte Einwilligung jederzeit mit Wirkung f\u00fcr die Zukunft zu widerrufen. Dazu reicht eine formlose Mitteilung per E-Mail an uns. Die Rechtm\u00e4\u00dfigkeit der bis zum Widerruf erfolgten Datenverarbeitung bleibt vom Widerruf unber\u00fchrt.<\/p>\n<p><\/p>\n<p><\/p>\n<hr class=\"wp-block-separator has-alpha-channel-opacity\" \/>\n<p><\/p>\n<p><\/p>\n<h2 class=\"wp-block-heading\"><strong>9. Beschwerderecht<\/strong><\/h2>\n<p><\/p>\n<p><\/p>\n<p>Sollten Sie der Ansicht sein, dass die Verarbeitung Ihrer Daten gegen das Datenschutzrecht verst\u00f6\u00dft, k\u00f6nnen Sie sich an die zust\u00e4ndige Aufsichtsbeh\u00f6rde wenden. Die Kontaktdaten der f\u00fcr uns zust\u00e4ndigen Datenschutzaufsichtsbeh\u00f6rde in Deutschland finden Sie unter:<\/p>\n<p><\/p>\n<p><\/p>\n<p><a href=\"https:\/\/www.bfdi.bund.de\/DE\/Infothek\/Anschriften_Linkverzeichnis\/anschriften_linkverzeichnis-node.html\">https:\/\/www.bfdi.bund.de\/DE\/Infothek\/Anschriften_Linkverzeichnis\/anschriften_linkverzeichnis-node.html<\/a><\/p>\n<p><\/p>\n<p><\/p>\n<hr class=\"wp-block-separator has-alpha-channel-opacity\" \/>\n<p><\/p>\n<p><\/p>\n<h2 class=\"wp-block-heading\"><strong>10. Aktualit\u00e4t und \u00c4nderung dieser Datenschutzerkl\u00e4rung<\/strong><\/h2>\n<p><\/p>\n<p><\/p>\n<p>Wir behalten uns vor, diese Datenschutzerkl\u00e4rung gelegentlich anzupassen, damit sie stets den aktuellen rechtlichen Anforderungen entspricht oder um \u00c4nderungen unserer Leistungen in der Datenschutzerkl\u00e4rung umzusetzen. F\u00fcr Ihren erneuten Besuch gilt dann die neue Datenschutzerkl\u00e4rung.<\/p>\n<p><\/p>\n<p><\/p>\n<hr class=\"wp-block-separator has-alpha-channel-opacity\" \/>\n<p><\/p>\n<p><\/p>\n<p>Stand August 2024<\/p>\n<p><\/p>\t\t\t\t\t\t\t\t<\/div>\n\t\t\t\t<\/div>\n\t\t\t\t\t<\/div>\n\t\t\t\t<\/div>\n\t\t\t\t<\/div>\n\t\t","protected":false},"excerpt":{"rendered":"<p>Datenschutzerkl\u00e4rung Wir freuen uns sehr \u00fcber Ihr Interesse an unserer Website [fannyerther.de]. Der Schutz Ihrer pers\u00f6nlichen Daten hat f\u00fcr uns einen besonders hohen Stellenwert. Im Folgenden m\u00f6chten wir Sie dar\u00fcber informieren, welche personenbezogenen Daten wir erheben, wie wir diese verwenden und welche Rechte Sie in Bezug auf Ihre Daten haben. Wir behandeln Ihre personenbezogenen Daten vertraulich und entsprechend der gesetzlichen Datenschutzvorschriften sowie dieser Datenschutzerkl\u00e4rung. 1. Verantwortlicher Verantwortlich f\u00fcr die Verarbeitung Ihrer personenbezogenen Daten auf dieser Website ist: Fanny Fee Werther Kontakt &amp; Postfach: Basec GmbH, Weinstr 5, 67146 Deidesheim Kontakt@basec.de 2. Erfassung und Speicherung personenbezogener Daten sowie Art und Zweck von deren Verwendung 2.1 Server-Logfiles Bei jedem Aufruf unserer Website erfasst unser Hosting-Provider automatisch Informationen, die Ihr Browser \u00fcbermittelt. Diese k\u00f6nnen beinhalten: Die Verarbeitung erfolgt auf Grundlage von Art. 6 Abs. 1 lit. f DSGVO. Unser berechtigtes Interesse ergibt sich aus der Gew\u00e4hrleistung eines reibungslosen Verbindungsaufbaus der Website, einer komfortablen Nutzung sowie zur Auswertung der Systemsicherheit und -stabilit\u00e4t. Eine Zusammenf\u00fchrung dieser Daten mit anderen Datenquellen wird nicht vorgenommen. 2.2 Kontaktaufnahme Wenn Sie uns per E-Mail oder \u00fcber ein Kontaktformular kontaktieren, werden die von Ihnen \u00fcbermittelten personenbezogenen Daten automatisch gespeichert, um Ihre Anfrage zu bearbeiten und m\u00f6gliche Anschlussfragen zu stellen. Diese Daten geben wir nicht ohne Ihre Einwilligung weiter. Die Verarbeitung dieser Daten erfolgt auf Grundlage von Art. 6 Abs. 1 lit. b DSGVO, sofern sie zur Erf\u00fcllung eines Vertrags oder zur Durchf\u00fchrung vorvertraglicher Ma\u00dfnahmen erforderlich ist. In allen \u00fcbrigen F\u00e4llen beruht die Verarbeitung auf Ihrer Einwilligung (Art. 6 Abs. 1 lit. a DSGVO) und\/oder auf unseren berechtigten Interessen (Art. 6 Abs. 1 lit. f DSGVO). 2.3 Cookies Unsere Website verwendet teilweise sogenannte Cookies. Cookies sind Textdateien, die auf Ihrem Endger\u00e4t gespeichert werden und die eine Analyse der Benutzung der Website durch Sie erm\u00f6glichen bzw. daf\u00fcr sorgen, dass bestimmte Funktionen auf der Website bereitgestellt werden k\u00f6nnen. Wenn wir Cookies setzen, die f\u00fcr den Betrieb unserer Website technisch nicht zwingend erforderlich sind, holen wir Ihre vorherige Einwilligung ein (Art. 6 Abs. 1 lit. a DSGVO). Sie k\u00f6nnen Ihre Cookie-Einstellungen in den Einstellungen Ihres Browsers verwalten und auch bereits gespeicherte Cookies l\u00f6schen. 2.4 Analyse-Tools und Plug-ins Sofern wir Drittanbieter-Tools (z. B. Google Analytics, Matomo, Social-Media-Plug-ins etc.) einsetzen, werden wir Ihre Einwilligung (Art. 6 Abs. 1 lit. a DSGVO) einholen, bevor personenbezogene Daten an diese Anbieter \u00fcbertragen werden. Durch solche Tools kann bspw. Ihr Nutzungsverhalten auf unserer Website analysiert oder Social-Media-Interaktionen durchgef\u00fchrt werden. Weitere Informationen hierzu finden Sie ggf. in den separaten Abschnitten dieser Datenschutzerkl\u00e4rung sowie in den Datenschutzerkl\u00e4rungen der entsprechenden Anbieter. 3. Rechtsgrundlagen der Verarbeitung Wir verarbeiten personenbezogene Daten ausschlie\u00dflich auf den nachfolgend genannten Rechtsgrundlagen: 4. Weitergabe von Daten Eine \u00dcbermittlung Ihrer pers\u00f6nlichen Daten an Dritte findet nur statt, wenn: 5. Dauer der Speicherung Wir speichern Ihre personenbezogenen Daten nur so lange, wie dies f\u00fcr die Erf\u00fcllung der Zwecke erforderlich ist, zu denen sie erhoben wurden, bzw. solange wir gesetzlich dazu verpflichtet sind (z. B. handels- oder steuerrechtliche Aufbewahrungsfristen). Anschlie\u00dfend werden die Daten gel\u00f6scht oder gesperrt. 6. Datensicherheit Wir treffen geeignete technische und organisatorische Sicherheitsma\u00dfnahmen, um Ihre Daten gegen zuf\u00e4llige oder vors\u00e4tzliche Manipulationen, teilweisen oder vollst\u00e4ndigen Verlust, Zerst\u00f6rung oder gegen unbefugten Zugriff durch Dritte zu sch\u00fctzen. Unsere Sicherheitsma\u00dfnahmen werden entsprechend der technologischen Entwicklung fortlaufend verbessert. 7. Ihre Rechte Als betroffene Person haben Sie folgende Rechte hinsichtlich Ihrer personenbezogenen Daten: Zur Aus\u00fcbung dieser Rechte k\u00f6nnen Sie sich jederzeit an uns wenden (Kontaktdaten siehe oben). 8. Widerrufsrecht bei Einwilligungen Einige Datenverarbeitungen sind nur mit Ihrer ausdr\u00fccklichen Einwilligung m\u00f6glich. Sie haben das Recht, eine bereits erteilte Einwilligung jederzeit mit Wirkung f\u00fcr die Zukunft zu widerrufen. Dazu reicht eine formlose Mitteilung per E-Mail an uns. Die Rechtm\u00e4\u00dfigkeit der bis zum Widerruf erfolgten Datenverarbeitung bleibt vom Widerruf unber\u00fchrt. 9. Beschwerderecht Sollten Sie der Ansicht sein, dass die Verarbeitung Ihrer Daten gegen das Datenschutzrecht verst\u00f6\u00dft, k\u00f6nnen Sie sich an die zust\u00e4ndige Aufsichtsbeh\u00f6rde wenden. Die Kontaktdaten der f\u00fcr uns zust\u00e4ndigen Datenschutzaufsichtsbeh\u00f6rde in Deutschland finden Sie unter: https:\/\/www.bfdi.bund.de\/DE\/Infothek\/Anschriften_Linkverzeichnis\/anschriften_linkverzeichnis-node.html 10. Aktualit\u00e4t und \u00c4nderung dieser Datenschutzerkl\u00e4rung Wir behalten uns vor, diese Datenschutzerkl\u00e4rung gelegentlich anzupassen, damit sie stets den aktuellen rechtlichen Anforderungen entspricht oder um \u00c4nderungen unserer Leistungen in der Datenschutzerkl\u00e4rung umzusetzen. F\u00fcr Ihren erneuten Besuch gilt dann die neue Datenschutzerkl\u00e4rung. Stand August 2024<\/p>\n","protected":false},"author":1,"featured_media":0,"parent":0,"menu_order":0,"comment_status":"closed","ping_status":"closed","template":"elementor_canvas","meta":{"footnotes":""},"class_list":["post-3","page","type-page","status-publish","hentry"],"_links":{"self":[{"href":"https:\/\/fannywerther.de\/index.php?rest_route=\/wp\/v2\/pages\/3"}],"collection":[{"href":"https:\/\/fannywerther.de\/index.php?rest_route=\/wp\/v2\/pages"}],"about":[{"href":"https:\/\/fannywerther.de\/index.php?rest_route=\/wp\/v2\/types\/page"}],"author":[{"embeddable":true,"href":"https:\/\/fannywerther.de\/index.php?rest_route=\/wp\/v2\/users\/1"}],"replies":[{"embeddable":true,"href":"https:\/\/fannywerther.de\/index.php?rest_route=%2Fwp%2Fv2%2Fcomments&post=3"}],"version-history":[{"count":4,"href":"https:\/\/fannywerther.de\/index.php?rest_route=\/wp\/v2\/pages\/3\/revisions"}],"predecessor-version":[{"id":514,"href":"https:\/\/fannywerther.de\/index.php?rest_route=\/wp\/v2\/pages\/3\/revisions\/514"}],"wp:attachment":[{"href":"https:\/\/fannywerther.de\/index.php?rest_route=%2Fwp%2Fv2%2Fmedia&parent=3"}],"curies":[{"name":"wp","href":"https:\/\/api.w.org\/{rel}","templated":true}]}}